{"id":1333,"date":"2024-03-26T11:06:03","date_gmt":"2024-03-26T10:06:03","guid":{"rendered":"https:\/\/tc-offroad-trekking.de\/4x4\/?page_id=1333"},"modified":"2026-03-21T11:13:23","modified_gmt":"2026-03-21T10:13:23","slug":"alpen-trekking-tour-details","status":"publish","type":"page","link":"https:\/\/tc-offroad-trekking.de\/4x4\/alpen-trekking-tour-details\/","title":{"rendered":"Alpen-Trekking-Tour Details"},"content":{"rendered":"<p>[et_pb_section fb_built=&#8220;1&#8243; custom_padding_last_edited=&#8220;on|phone&#8220; admin_label=&#8220;section&#8220; _builder_version=&#8220;4.24.3&#8243; background_enable_image=&#8220;off&#8220; background_blend=&#8220;saturation&#8220; width=&#8220;100%&#8220; width_tablet=&#8220;100%&#8220; width_phone=&#8220;100%&#8220; width_last_edited=&#8220;on|phone&#8220; module_alignment=&#8220;center&#8220; min_height_tablet=&#8220;&#8220; min_height_phone=&#8220;&#8220; min_height_last_edited=&#8220;on|phone&#8220; height=&#8220;100%&#8220; height_tablet=&#8220;100%&#8220; height_phone=&#8220;auto&#8220; height_last_edited=&#8220;on|phone&#8220; custom_margin=&#8220;0px||0px||false|false&#8220; custom_margin_tablet=&#8220;0px||0px||false|false&#8220; custom_margin_phone=&#8220;0px||0px||false|false&#8220; custom_margin_last_edited=&#8220;on|phone&#8220; custom_padding=&#8220;0px||0px||false|false&#8220; custom_padding_tablet=&#8220;0px||0px||false|false&#8220; custom_padding_phone=&#8220;||0px||false|false&#8220; global_colors_info=&#8220;{}&#8220;][et_pb_row custom_padding_last_edited=&#8220;on|phone&#8220; _builder_version=&#8220;4.24.3&#8243; _module_preset=&#8220;default&#8220; positioning=&#8220;none&#8220; width=&#8220;100%&#8220; width_tablet=&#8220;100%&#8220; width_phone=&#8220;100%&#8220; width_last_edited=&#8220;on|phone&#8220; max_width=&#8220;100%&#8220; custom_margin=&#8220;0px|auto|0px|auto|false|false&#8220; custom_margin_tablet=&#8220;0px|auto|0px|auto|false|false&#8220; custom_margin_phone=&#8220;0px|auto|0px|auto|false|false&#8220; custom_margin_last_edited=&#8220;on|phone&#8220; custom_padding=&#8220;0px||0px||false|false&#8220; custom_padding_tablet=&#8220;0px||0px||false|false&#8220; custom_padding_phone=&#8220;0px||0px||false|false&#8220; global_colors_info=&#8220;{}&#8220;][et_pb_column type=&#8220;4_4&#8243; _builder_version=&#8220;4.23.4&#8243; _module_preset=&#8220;default&#8220; global_colors_info=&#8220;{}&#8220;][et_pb_image src=&#8220;https:\/\/tc-offroad-trekking.de\/4&#215;4\/wp-content\/uploads\/2024\/03\/start_white_unten_wave_02-2.png&#8220; alt=&#8220;TC-Offroad-Trekking, Alpen, Alpen\u00fcberquerung, Offroad Reise, Offroad-Tour, 4&#215;4&#8243; title_text=&#8220;Alpen-Trekking-Titelbild-mobile&#8220; show_bottom_space=&#8220;off&#8220; src_tablet=&#8220;https:\/\/tc-offroad-trekking.de\/4&#215;4\/wp-content\/uploads\/2024\/03\/start_white_unten_wave_02-2.png&#8220; src_phone=&#8220;https:\/\/tc-offroad-trekking.de\/4&#215;4\/wp-content\/uploads\/2024\/04\/Alpen-Trekking-Titelbild-mobile.jpg&#8220; src_last_edited=&#8220;on|phone&#8220; _builder_version=&#8220;4.24.3&#8243; _module_preset=&#8220;default&#8220; background_image=&#8220;https:\/\/tc-offroad-trekking.de\/4&#215;4\/wp-content\/uploads\/2024\/03\/Alpen-Trekking-Titelbild-2.jpg&#8220; min_height=&#8220;100%&#8220; custom_margin=&#8220;60px||0px||false|false&#8220; custom_margin_tablet=&#8220;60px||0px||false|false&#8220; custom_margin_phone=&#8220;90px||0px||false|false&#8220; custom_margin_last_edited=&#8220;on|tablet&#8220; custom_padding=&#8220;322px||0px||false|false&#8220; custom_padding_tablet=&#8220;322px||0px||false|false&#8220; custom_padding_phone=&#8220;0px||0px||false|false&#8220; custom_padding_last_edited=&#8220;on|desktop&#8220; background_last_edited=&#8220;on|phone&#8220; background_enable_image_phone=&#8220;off&#8220; background_size_phone=&#8220;contain&#8220; global_colors_info=&#8220;{}&#8220;][\/et_pb_image][\/et_pb_column][\/et_pb_row][\/et_pb_section][et_pb_section fb_built=&#8220;1&#8243; _builder_version=&#8220;4.24.3&#8243; _module_preset=&#8220;default&#8220; custom_margin=&#8220;||-46px||false|false&#8220; custom_margin_tablet=&#8220;||-44px|||&#8220; custom_margin_phone=&#8220;||0px||false|false&#8220; custom_margin_last_edited=&#8220;on|phone&#8220; custom_padding=&#8220;0px||0px||false|false&#8220; global_colors_info=&#8220;{}&#8220;][et_pb_row _builder_version=&#8220;4.24.3&#8243; _module_preset=&#8220;default&#8220; custom_margin=&#8220;0px|auto||auto|false|false&#8220; custom_margin_tablet=&#8220;0px|auto||auto|false|false&#8220; custom_margin_phone=&#8220;0px|auto||auto|false|false&#8220; custom_margin_last_edited=&#8220;on|phone&#8220; custom_padding=&#8220;0px||||false|false&#8220; global_colors_info=&#8220;{}&#8220;][et_pb_column type=&#8220;4_4&#8243; _builder_version=&#8220;4.23.4&#8243; _module_preset=&#8220;default&#8220; global_colors_info=&#8220;{}&#8220;][et_pb_text _builder_version=&#8220;4.24.3&#8243; _module_preset=&#8220;default&#8220; background_enable_image=&#8220;off&#8220; background_size=&#8220;initial&#8220; text_orientation=&#8220;center&#8220; min_height=&#8220;101%&#8220; height=&#8220;100%&#8220; custom_margin=&#8220;0px||0px||false|false&#8220; custom_margin_tablet=&#8220;0px||0px||false|false&#8220; custom_margin_phone=&#8220;0px||||false|false&#8220; custom_margin_last_edited=&#8220;on|phone&#8220; custom_padding=&#8220;0px||0px|||&#8220; custom_padding_tablet=&#8220;0px||0px|||&#8220; custom_padding_phone=&#8220;0px||0px|||&#8220; custom_padding_last_edited=&#8220;on|phone&#8220; global_colors_info=&#8220;{}&#8220;]<\/p>\n<div class=\"auswahlseite\" style=\"text-align: left;\">\n<h3>\u00dcber das Dach Europas!<\/h3>\n<\/div>\n<h1 style=\"text-align: left;\">Alpen-Trekking-Tour<\/h1>\n<p>[\/et_pb_text][\/et_pb_column][\/et_pb_row][\/et_pb_section][et_pb_section fb_built=&#8220;1&#8243; _builder_version=&#8220;4.23.4&#8243; _module_preset=&#8220;default&#8220; background_image=&#8220;https:\/\/tc-offroad-trekking.de\/4&#215;4\/wp-content\/uploads\/2024\/01\/background_00_01-weiss-2.jpg&#8220; background_size=&#8220;stretch&#8220; width=&#8220;100%&#8220; custom_padding=&#8220;0px||4px|||&#8220; background_last_edited=&#8220;on|desktop&#8220; global_colors_info=&#8220;{}&#8220;][et_pb_row column_structure=&#8220;2_3,1_3&#8243; _builder_version=&#8220;4.24.3&#8243; _module_preset=&#8220;default&#8220; custom_margin=&#8220;-16px|auto||auto|false|false&#8220; custom_margin_tablet=&#8220;-16px|auto||auto|false|false&#8220; custom_margin_phone=&#8220;-16px||||false|false&#8220; custom_margin_last_edited=&#8220;on|phone&#8220; custom_padding=&#8220;0px||0px||false|false&#8220; hover_transition_speed_curve=&#8220;ease-in-out&#8220; global_colors_info=&#8220;{}&#8220;][et_pb_column type=&#8220;2_3&#8243; _builder_version=&#8220;4.23.4&#8243; _module_preset=&#8220;default&#8220; global_colors_info=&#8220;{}&#8220;][et_pb_text content_tablet=&#8220;<\/p>\n<div class=%22auswahlseite%22>\n<h3>Reiseverlauf<\/h3>\n<\/div>\n<p><strong>1. Tag \u2013 Sonntag:<\/strong><\/p>\n<p>Im Vall\u00e9e de la Clar\u00e9e, dem \u201eTal der klaren Wasser\u201c liegt der Treffpunkt f\u00fcr alle Teilnehmer auf einem sehr sch\u00f6n gelegenen Natur-Campingplatz mit weitr\u00e4umigen Stellfl\u00e4chen. Dieses Tal liegt landschaftlich sehr sch\u00f6n zwischen den Ortschaften Briancon (Frankreich) und Bardonecchia (Italien). Die Teilnehmer haben den ganzen Sonntag Zeit zur Anreise. Die offizielle Begr\u00fc\u00dfung erfolgt dort um 19.00 Uhr mit dem Briefing zu dieser einmaligen Tour in den<span>\u00a0<\/span><a href=%22https:\/\/tc-offroad-trekking.de\/4x4\/alpen\/%22>Alpen<\/a>. Am n\u00e4chsten Morgen brechen wir gemeinsam auf.<\/p>\n<p><strong>2. Tag \u2013 Montag:<\/strong><br \/>Vorbei an grandiosen Felsformationen gewinnen wir mit unseren Fahrzeugen stetig an H\u00f6he und erreichen schnell die 2.000 Meter-Linie. Auf alten Milit\u00e4rpisten \u00fcberschreiten wir die Baumgrenze und durchfahren atemberaudende Hochgebirgslandschaften mit grandiosen Panoramen.<\/p>\n<p>Unser Tagesziel ist ein verlassenes Fort hoch oberhalb von Bardonecchia. Von unserer Piste schweift der Blick \u00fcber tiefe T\u00e4ler hinweg zu 3.000 Meter hohen Bergen. Die Festung befindet sich in der N\u00e4he des Grenzverlaufes zwischen Italien und Frankreich und bietet einen grandiosen Ausblick in das n\u00e4chste Tal, wo wir unser Lager aufschlagen.<\/p>\n<p><strong>3. Tag \u2013 Dienstag:<\/strong><br \/>Beim weiteren Durchschreiten des Tales f\u00fcllen wir die Tanks unserer Fahrzeuge noch einmal auf und k\u00f6nnen frischen Proviant einkaufen. Zahlreiche Serpentinen steigen in der N\u00e4he des Col de Montgen\u00e8vre aus dem Tal empor und f\u00fchren zu einer unglaublich sch\u00f6nen Panorama-Piste, \u00fcber die wir Richtung Ost-S\u00fcdost immer tiefer in die Bergwelt vordringen. Sonnendurchflutete Wolken sorgen hier f\u00fcr ein stetiges Licht- und Schattenspiel und bringen die Felsen zum Leuchten in 1.000 Farben.<\/p>\n<p><strong>4. Tag \u2013 Mittwoch:<\/strong><br \/>Unser heutiges Tagesziel ist eine Camping-Area in der N\u00e4he des Col de Larche. Auf dem Weg dorthin passieren wir den legend\u00e4ren Parpaillon-Pass. Diese Offroad-Strecke f\u00fchrt durch einen Scheiteltunnel in ein franz\u00f6sisches Seitental. Damit dieses Seitental auch bei einer kriegerischen Auseinandersetzung mit Italien f\u00fcr franz\u00f6siche Truppen erreichbar blieb, wurde diese Offroad-Piste vor \u00fcber 100 Jahren angelegt. Auch der Tunnel wurde so erbaut, da\u00df man ihn mit Milit\u00e4r-Konvois durchfahren kann. Diese Strecke ist deshalb f\u00fcr unsere Fahrzeuge eine fahrtechnisch und landschaftlich beeindruckende Etappe.<\/p>\n<p><strong>5. Tag \u2013 Donnerstag:<\/strong><br \/>Am Col de Larche passieren wir \u00fcber einen Hoch-Pass die italienische Grenze und gelangen so ins Piemont. Kleine, italienische Bergd\u00f6rfer laden zum Verweilen ein. Wir besuchen hier einen originellen Wochenmarkt und lassen uns vom lebendigen Markttreiben beeindrucken. Unsere Vorr\u00e4te werden mit frischen Erzeugnissen der Region wieder aufgef\u00fcllt, bevor wir \u00fcber alte Schmugglerpfade weit oberhalb der Baumgrenze die Region wieder verlassen.<\/p>\n<p><strong>6. Tag \u2013 Freitag:<\/strong><br \/>In der N\u00e4he des Gardetta-Passes verl\u00e4uft eine Offroad-Piste durch weite Hocht\u00e4ler mit atemberaubenden Ausblicken. Der vorletzte Tag unserer Reise wird uns landschaftlich noch einmal ganz in den Bann ziehen. Endlose Bergwiesen, von tausenden Alpenbl\u00fcten \u00fcbers\u00e4t, sonnendurchflutete Felsmassive und pfeifende Murmeltiere bilden die Kulisse f\u00fcr unsere letzte Hochgebirgsetappe. In der N\u00e4he von Prazzo endet unsere<span>\u00a0<\/span><a href=%22https:\/\/tc-offroad-trekking.de\/4x4\/%22>Offroad-Reise<\/a><span>\u00a0<\/span>mit einem Cappuccino bei Stefano\u2026<\/p>\n<p><strong>7. Tag \u2013 Samstag:<\/strong><br \/>Am letzten Tag unserer Reise stiegen wir noch einmal bis auf weit \u00fcber 2.000 Meter auf, um am fr\u00fchen Nachmittag endg\u00fcltig den Abstieg in die italienische Tiefebene zu beginnen. Nach einer Woche in den<span>\u00a0<\/span><a href=%22https:\/\/tc-offroad-trekking.de\/4x4\/alpen-trekking-tour-details%22>Alpen<\/a><span>\u00a0<\/span>haben wir das Dach Europas \u00fcberquert und haben erlebt wie es ist, wenn Tr\u00e4ume zu Zielen werden\u2026<\/p>\n<p>&nbsp;<\/p>\n<div class=%22dreier-block%22><a href=%22https:\/\/tc-offroad-trekking.de\/4x4\/tc-durchfuehrungsgarantie%22><img src=%22https:\/\/tc-offroad-trekking.de\/4x4\/wp-content\/uploads\/2024\/03\/logo-durchfuehrungsgarant-2-2.png%22 width=%22153%22 height=%22141%22 alt=%22%22 class=%22wp-image-1061 alignnone size-full%22 \/><\/a><\/div>\n<div class=%22dreier-block%22 style=%22vertical-align: middle;%22><span class=%22subheader%22>Schwierigkeitsgrad:<strong><br \/>\u2736<span style=%22font-weight: bold; color: #000; font-size: 13pt;%22>\u2736<\/span>\u2736\u2736\u2736<\/strong><\/span><\/div>\n<div class=%22dreier-block%22><img src=%22https:\/\/tc-offroad-trekking.de\/4x4\/wp-content\/uploads\/2024\/03\/stempel-allrad-alltag4.png%22 width=%22153%22 height=%22141%22 alt=%22%22 class=%22wp-image-778 alignnone size-full%22 \/><\/div>\n<p><strong>\u00dcbernachtungen \/ Versorgungsm\u00f6glichkeiten:<\/strong><br \/><span>Im Gegensatz zu unserer \u201eGro\u00dfen Alpen\u00fcberquerung\u201c, wo wir \u00fcberwiegend in Camps in der freien Natur hoch oben in den Bergen \u00fcbernachten, sind wir bei dieser speziellen Tour immer auf regul\u00e4ren Campingpl\u00e4tzen in Hocht\u00e4lern. Wer bei so einer Reise lieber jeden Tag einen richtigen Campingplatz vorzieht, mit den dortigen Annehmlichkeiten wie Sanit\u00e4rgeb\u00e4uden mit Dusche und WC, f\u00fcr den ist diese Art einer Offroad-Alpen-Tour genau das Richtige! Versorgungsm\u00f6glichkeiten gibt es jeden Tag.<\/span><\/p>\n<p><strong>H\u00e4ufig gestellte Fragen:<\/strong><\/p>\n<ul>\n<li>werden in unserer kommentierten Dia-Show beantwortet: <a style=%22font-size: 12pt;%22 href=%22https:\/\/tc-offroad-trekking.de\/4x4\/diashow-alpen%22> Zur DIA-SHOW<\/a><\/li>\n<li>oder Sie rufen uns direkt an, wir beraten Sie gerne: Tel.: 0049-4444-988125<\/li>\n<li><a href=%22https:\/\/tc-offroad-trekking.org%22 data-et-target-link=%22_blank%22 rel=%22noopener%22>EU-Reiserichtlinie<\/a><\/li>\n<\/ul>\n<hr style=%22border: 0; height: 2px; margin-top: 20px; background-image: linear-gradient(to right, rgba(0, 0, 0, 0), rgba(255, 155, 0, 0.75), rgba(0, 0, 0, 0));%22 \/>&#8220; content_phone=&#8220;<\/p>\n<div class=%22auswahlseite%22>\n<h3>Reiseverlauf<\/h3>\n<\/div>\n<p><strong>1. Tag \u2013 Sonntag:<\/strong><\/p>\n<p>Im Vall\u00e9e de la Clar\u00e9e, dem \u201eTal der klaren Wasser\u201c liegt der Treffpunkt f\u00fcr alle Teilnehmer auf einem sehr sch\u00f6n gelegenen Natur-Campingplatz mit weitr\u00e4umigen Stellfl\u00e4chen. Dieses Tal liegt landschaftlich sehr sch\u00f6n zwischen den Ortschaften Briancon (Frankreich) und Bardonecchia (Italien). Die Teilnehmer haben den ganzen Sonntag Zeit zur Anreise. Die offizielle Begr\u00fc\u00dfung erfolgt dort um 19.00 Uhr mit dem Briefing zu dieser einmaligen Tour in den<span>\u00a0<\/span><a href=%22https:\/\/tc-offroad-trekking.de\/4x4\/alpen\/%22>Alpen<\/a>. Am n\u00e4chsten Morgen brechen wir gemeinsam auf.<\/p>\n<p><strong>2. Tag \u2013 Montag:<\/strong><br \/>Vorbei an grandiosen Felsformationen gewinnen wir mit unseren Fahrzeugen stetig an H\u00f6he und erreichen schnell die 2.000 Meter-Linie. Auf alten Milit\u00e4rpisten \u00fcberschreiten wir die Baumgrenze und durchfahren atemberaudende Hochgebirgslandschaften mit grandiosen Panoramen.<\/p>\n<p>Unser Tagesziel ist ein verlassenes Fort hoch oberhalb von Bardonecchia. Von unserer Piste schweift der Blick \u00fcber tiefe T\u00e4ler hinweg zu 3.000 Meter hohen Bergen. Die Festung befindet sich in der N\u00e4he des Grenzverlaufes zwischen Italien und Frankreich und bietet einen grandiosen Ausblick in das n\u00e4chste Tal, wo wir unser Lager aufschlagen.<\/p>\n<p><strong>3. Tag \u2013 Dienstag:<\/strong><br \/>Beim weiteren Durchschreiten des Tales f\u00fcllen wir die Tanks unserer Fahrzeuge noch einmal auf und k\u00f6nnen frischen Proviant einkaufen. Zahlreiche Serpentinen steigen in der N\u00e4he des Col de Montgen\u00e8vre aus dem Tal empor und f\u00fchren zu einer unglaublich sch\u00f6nen Panorama-Piste, \u00fcber die wir Richtung Ost-S\u00fcdost immer tiefer in die Bergwelt vordringen. Sonnendurchflutete Wolken sorgen hier f\u00fcr ein stetiges Licht- und Schattenspiel und bringen die Felsen zum Leuchten in 1.000 Farben.<\/p>\n<p><strong>4. Tag \u2013 Mittwoch:<\/strong><br \/>Unser heutiges Tagesziel ist eine Camping-Area in der N\u00e4he des Col de Larche. Auf dem Weg dorthin passieren wir den legend\u00e4ren Parpaillon-Pass. Diese Offroad-Strecke f\u00fchrt durch einen Scheiteltunnel in ein franz\u00f6sisches Seitental. Damit dieses Seitental auch bei einer kriegerischen Auseinandersetzung mit Italien f\u00fcr franz\u00f6siche Truppen erreichbar blieb, wurde diese Offroad-Piste vor \u00fcber 100 Jahren angelegt. Auch der Tunnel wurde so erbaut, da\u00df man ihn mit Milit\u00e4r-Konvois durchfahren kann. Diese Strecke ist deshalb f\u00fcr unsere Fahrzeuge eine fahrtechnisch und landschaftlich beeindruckende Etappe.<\/p>\n<p><strong>5. Tag \u2013 Donnerstag:<\/strong><br \/>Am Col de Larche passieren wir \u00fcber einen Hoch-Pass die italienische Grenze und gelangen so ins Piemont. Kleine, italienische Bergd\u00f6rfer laden zum Verweilen ein. Wir besuchen hier einen originellen Wochenmarkt und lassen uns vom lebendigen Markttreiben beeindrucken. Unsere Vorr\u00e4te werden mit frischen Erzeugnissen der Region wieder aufgef\u00fcllt, bevor wir \u00fcber alte Schmugglerpfade weit oberhalb der Baumgrenze die Region wieder verlassen.<\/p>\n<p><strong>6. Tag \u2013 Freitag:<\/strong><br \/>In der N\u00e4he des Gardetta-Passes verl\u00e4uft eine Offroad-Piste durch weite Hocht\u00e4ler mit atemberaubenden Ausblicken. Der vorletzte Tag unserer Reise wird uns landschaftlich noch einmal ganz in den Bann ziehen. Endlose Bergwiesen, von tausenden Alpenbl\u00fcten \u00fcbers\u00e4t, sonnendurchflutete Felsmassive und pfeifende Murmeltiere bilden die Kulisse f\u00fcr unsere letzte Hochgebirgsetappe. In der N\u00e4he von Prazzo endet unsere<span>\u00a0<\/span><a href=%22https:\/\/tc-offroad-trekking.de\/4x4\/%22>Offroad-Reise<\/a><span>\u00a0<\/span>mit einem Cappuccino bei Stefano\u2026<\/p>\n<p><strong>7. Tag \u2013 Samstag:<\/strong><br \/>Am letzten Tag unserer Reise stiegen wir noch einmal bis auf weit \u00fcber 2.000 Meter auf, um am fr\u00fchen Nachmittag endg\u00fcltig den Abstieg in die italienische Tiefebene zu beginnen. Nach einer Woche in den<span>\u00a0<\/span><a href=%22https:\/\/tc-offroad-trekking.de\/4x4\/alpen-trekking-tour-details%22>Alpen<\/a><span>\u00a0<\/span>haben wir das Dach Europas \u00fcberquert und haben erlebt wie es ist, wenn Tr\u00e4ume zu Zielen werden\u2026<\/p>\n<p>&nbsp;<\/p>\n<div class=%22dreier-block%22><a href=%22https:\/\/tc-offroad-trekking.de\/4x4\/tc-durchfuehrungsgarantie%22><img src=%22https:\/\/tc-offroad-trekking.de\/4x4\/wp-content\/uploads\/2024\/03\/logo-durchfuehrungsgarant-2-2.png%22 width=%22153%22 height=%22141%22 alt=%22%22 class=%22wp-image-1061 alignnone size-full%22 \/><\/a><\/div>\n<div class=%22dreier-block%22 style=%22vertical-align: middle;%22><span class=%22subheader%22>Schwierigkeitsgrad:<strong><br \/>\u2736<span style=%22font-weight: bold; color: #000; font-size: 13pt;%22>\u2736<\/span>\u2736\u2736\u2736<\/strong><\/span><\/div>\n<div class=%22dreier-block%22><img src=%22https:\/\/tc-offroad-trekking.de\/4x4\/wp-content\/uploads\/2024\/03\/stempel-allrad-alltag4.png%22 width=%22153%22 height=%22141%22 alt=%22%22 class=%22wp-image-778 alignnone size-full%22 \/><\/div>\n<p><strong>\u00dcbernachtungen \/ Versorgungsm\u00f6glichkeiten:<\/strong><br \/><span>Im Gegensatz zu unserer \u201eGro\u00dfen Alpen\u00fcberquerung\u201c, wo wir \u00fcberwiegend in Camps in der freien Natur hoch oben in den Bergen \u00fcbernachten, sind wir bei dieser speziellen Tour immer auf regul\u00e4ren Campingpl\u00e4tzen in Hocht\u00e4lern. Wer bei so einer Reise lieber jeden Tag einen richtigen Campingplatz vorzieht, mit den dortigen Annehmlichkeiten wie Sanit\u00e4rgeb\u00e4uden mit Dusche und WC, f\u00fcr den ist diese Art einer Offroad-Alpen-Tour genau das Richtige! Versorgungsm\u00f6glichkeiten gibt es jeden Tag.<\/span><\/p>\n<p><strong>H\u00e4ufig gestellte Fragen:<\/strong><\/p>\n<ul>\n<li>werden in unserer kommentierten Dia-Show beantwortet: <a style=%22font-size: 12pt;%22 href=%22https:\/\/tc-offroad-trekking.de\/4x4\/diashow-alpen%22> Zur DIA-SHOW<\/a><\/li>\n<li>oder Sie rufen uns direkt an, wir beraten Sie gerne: Tel.: 0049-4444-988125<\/li>\n<li><a href=%22https:\/\/tc-offroad-trekking.org%22 data-et-target-link=%22_blank%22 rel=%22noopener%22>EU-Reiserichtlinie<\/a><\/li>\n<\/ul>\n<hr style=%22border: 0; height: 2px; margin-top: 20px; background-image: linear-gradient(to right, rgba(0, 0, 0, 0), rgba(255, 155, 0, 0.75), rgba(0, 0, 0, 0));%22 \/>&#8220; content_last_edited=&#8220;on|phone&#8220; _builder_version=&#8220;4.27.5&#8243; _module_preset=&#8220;default&#8220; width=&#8220;90%&#8220; height=&#8220;%22141%22&#8243; custom_margin_tablet=&#8220;&#8220; custom_margin_phone=&#8220;&#8220; custom_margin_last_edited=&#8220;on|desktop&#8220; hover_enabled=&#8220;0&#8243; global_colors_info=&#8220;{}&#8220; sticky_enabled=&#8220;0&#8243;]<\/p>\n<div class=\"auswahlseite\">\n<h3>Reiseverlauf<\/h3>\n<\/div>\n<p><strong>1. Tag \u2013 Sonntag:<\/strong><\/p>\n<p>Im Vall\u00e9e de la Clar\u00e9e, dem \u201eTal der klaren Wasser\u201c liegt der Treffpunkt f\u00fcr alle Teilnehmer auf einem sehr sch\u00f6n gelegenen Natur-Campingplatz mit weitr\u00e4umigen Stellfl\u00e4chen. Dieses Tal liegt landschaftlich sehr sch\u00f6n zwischen den Ortschaften Briancon (Frankreich) und Bardonecchia (Italien). Die Teilnehmer haben den ganzen Sonntag Zeit zur Anreise. Die offizielle Begr\u00fc\u00dfung erfolgt dort um 19.00 Uhr mit dem Briefing zu dieser einmaligen Tour in den<span>\u00a0<\/span><a href=\"https:\/\/tc-offroad-trekking.de\/4x4\/alpen\/\">Alpen<\/a>. Am n\u00e4chsten Morgen brechen wir gemeinsam auf.<\/p>\n<p><strong>2. Tag \u2013 Montag:<\/strong><br \/>Vorbei an grandiosen Felsformationen gewinnen wir mit unseren Fahrzeugen stetig an H\u00f6he und erreichen schnell die 2.000 Meter-Linie. Auf alten Milit\u00e4rpisten \u00fcberschreiten wir die Baumgrenze und durchfahren atemberaudende Hochgebirgslandschaften mit grandiosen Panoramen.<\/p>\n<p>Unser Tagesziel ist ein verlassenes Fort hoch oberhalb von Bardonecchia. Von unserer Piste schweift der Blick \u00fcber tiefe T\u00e4ler hinweg zu 3.000 Meter hohen Bergen. Die Festung befindet sich in der N\u00e4he des Grenzverlaufes zwischen Italien und Frankreich und bietet einen grandiosen Ausblick in das n\u00e4chste Tal, wo wir unser Lager aufschlagen.<\/p>\n<p><strong>3. Tag \u2013 Dienstag:<\/strong><br \/>Beim weiteren Durchschreiten des Tales f\u00fcllen wir die Tanks unserer Fahrzeuge noch einmal auf und k\u00f6nnen frischen Proviant einkaufen. Zahlreiche Serpentinen steigen in der N\u00e4he des Col de Montgen\u00e8vre aus dem Tal empor und f\u00fchren zu einer unglaublich sch\u00f6nen Panorama-Piste, \u00fcber die wir Richtung Ost-S\u00fcdost immer tiefer in die Bergwelt vordringen. Sonnendurchflutete Wolken sorgen hier f\u00fcr ein stetiges Licht- und Schattenspiel und bringen die Felsen zum Leuchten in 1.000 Farben.<\/p>\n<p><strong>4. Tag \u2013 Mittwoch:<\/strong><br \/>Unser heutiges Tagesziel ist eine Camping-Area in der N\u00e4he des Col de Larche. Auf dem Weg dorthin passieren wir den legend\u00e4ren Parpaillon-Pass. Diese Offroad-Strecke f\u00fchrt durch einen Scheiteltunnel in ein franz\u00f6sisches Seitental. Damit dieses Seitental auch bei einer kriegerischen Auseinandersetzung mit Italien f\u00fcr franz\u00f6siche Truppen erreichbar blieb, wurde diese Offroad-Piste vor \u00fcber 100 Jahren angelegt. Auch der Tunnel wurde so erbaut, da\u00df man ihn mit Milit\u00e4r-Konvois durchfahren kann. Diese Strecke ist deshalb f\u00fcr unsere Fahrzeuge eine fahrtechnisch und landschaftlich beeindruckende Etappe.<\/p>\n<p><strong>5. Tag \u2013 Donnerstag:<\/strong><br \/>Am Col de Larche passieren wir \u00fcber einen Hoch-Pass die italienische Grenze und gelangen so ins Piemont. Kleine, italienische Bergd\u00f6rfer laden zum Verweilen ein. Wir besuchen hier einen originellen Wochenmarkt und lassen uns vom lebendigen Markttreiben beeindrucken. Unsere Vorr\u00e4te werden mit frischen Erzeugnissen der Region wieder aufgef\u00fcllt, bevor wir \u00fcber alte Schmugglerpfade weit oberhalb der Baumgrenze die Region wieder verlassen.<\/p>\n<p><strong>6. Tag \u2013 Freitag:<\/strong><br \/>In der N\u00e4he des Gardetta-Passes verl\u00e4uft eine Offroad-Piste durch weite Hocht\u00e4ler mit atemberaubenden Ausblicken. Der vorletzte Tag unserer Reise wird uns landschaftlich noch einmal ganz in den Bann ziehen. Endlose Bergwiesen, von tausenden Alpenbl\u00fcten \u00fcbers\u00e4t, sonnendurchflutete Felsmassive und pfeifende Murmeltiere bilden die Kulisse f\u00fcr unsere letzte Hochgebirgsetappe. In der N\u00e4he von Prazzo endet unsere<span>\u00a0<\/span><a href=\"https:\/\/tc-offroad-trekking.de\/4x4\/\">Offroad-Reise<\/a><span>\u00a0<\/span>mit einem Cappuccino bei Stefano\u2026<\/p>\n<p><strong>7. Tag \u2013 Samstag:<\/strong><br \/>Am letzten Tag unserer Reise stiegen wir noch einmal bis auf weit \u00fcber 2.000 Meter auf, um am fr\u00fchen Nachmittag endg\u00fcltig den Abstieg in die italienische Tiefebene zu beginnen. Nach einer Woche in den<span>\u00a0<\/span><a href=\"https:\/\/tc-offroad-trekking.de\/4x4\/alpen-trekking-tour-details\">Alpen<\/a><span>\u00a0<\/span>haben wir das Dach Europas \u00fcberquert und haben erlebt wie es ist, wenn Tr\u00e4ume zu Zielen werden\u2026<\/p>\n<p>&nbsp;<\/p>\n<div class=\"dreier-block\"><a href=\"https:\/\/tc-offroad-trekking.de\/4x4\/tc-durchfuehrungsgarantie\"><img loading=\"lazy\" decoding=\"async\" src=\"https:\/\/tc-offroad-trekking.de\/4x4\/wp-content\/uploads\/2024\/03\/logo-durchfuehrungsgarant-2-2.png\" width=\"153\" height=\"141\" alt=\"\" class=\"wp-image-1061 alignnone size-full\" \/><\/a><\/div>\n<div class=\"dreier-block\" style=\"vertical-align: middle;\"><span class=\"subheader\">Schwierigkeitsgrad:<strong><br \/>\u2736<span style=\"font-weight: bold; color: #000; font-size: 13pt;\">\u2736<\/span>\u2736\u2736\u2736<\/strong><\/span><\/div>\n<div class=\"dreier-block\"><img loading=\"lazy\" decoding=\"async\" src=\"https:\/\/tc-offroad-trekking.de\/4x4\/wp-content\/uploads\/2024\/03\/stempel-allrad-alltag4.png\" width=\"153\" height=\"141\" alt=\"\" class=\"wp-image-778 alignnone size-full\" \/><\/div>\n<p><strong>\u00dcbernachtungen \/ Versorgungsm\u00f6glichkeiten:<\/strong><br \/><span>Im Gegensatz zu unserer \u201eGro\u00dfen Alpen\u00fcberquerung\u201c, wo wir \u00fcberwiegend in Camps in der freien Natur hoch oben in den Bergen \u00fcbernachten, sind wir bei dieser speziellen Tour immer auf regul\u00e4ren Campingpl\u00e4tzen in Hocht\u00e4lern. Wer bei so einer Reise lieber jeden Tag einen richtigen Campingplatz vorzieht, mit den dortigen Annehmlichkeiten wie Sanit\u00e4rgeb\u00e4uden mit Dusche und WC, f\u00fcr den ist diese Art einer Offroad-Alpen-Tour genau das Richtige! Versorgungsm\u00f6glichkeiten gibt es jeden Tag.<\/span><\/p>\n<p><strong>H\u00e4ufig gestellte Fragen:<\/strong><\/p>\n<ul>\n<li>werden in unserer kommentierten Dia-Show beantwortet: <a style=\"font-size: 12pt;\" href=\"https:\/\/tc-offroad-trekking.de\/4x4\/diashow-alpen\"> Zur DIA-SHOW<\/a><\/li>\n<li>oder Sie rufen uns direkt an, wir beraten Sie gerne: Tel.: 0049-4444-988125<\/li>\n<li><a href=\"https:\/\/tc-offroad-trekking.org\" target=\"_blank\" rel=\"noopener\">EU-Reiserichtlinie<\/a><\/li>\n<\/ul>\n<hr style=\"border: 0; height: 2px; margin-top: 20px; background-image: linear-gradient(to right, rgba(0, 0, 0, 0), rgba(255, 155, 0, 0.75), rgba(0, 0, 0, 0));\" \/>[\/et_pb_text][et_pb_text _builder_version=&#8220;4.24.3&#8243; _module_preset=&#8220;default&#8220; width=&#8220;80.5%&#8220; global_colors_info=&#8220;{}&#8220;]<\/p>\n<div class=\"auswahlseite\">\n<h3>Leistungen:<\/h3>\n<ul>\n<li>Teilnahme an der Reise \u201eALPEN-BIWAK-TOUR\u201c<\/li>\n<li>deutsche Reiseleitung mit ortskundigen Scouts<\/li>\n<li>\u00fcber 20 Jahre Erfahrungen mit Alpen\u00fcberquerungen<\/li>\n<li>TC-Technik-Scout unterst\u00fctzt bei technischen Problemen am Kfz<\/li>\n<li>Streckenf\u00fchrung \u00fcber die interessantesten Bergpfade der Alpen<\/li>\n<li>fahrtechnische Basis-Einweisung \u201eOffroad-Fahren im Hochgebirge\u201c durch die TC-Offroad-Scouts<\/li>\n<li>\u00fcber Offroad-Pisten zu den gr\u00f6\u00dften Natursch\u00f6nheiten im Hochgebirge<\/li>\n<li>alle erforderlichen Genehmigungen und Dokumente liegen uns vor (<a class=\"screenshot\" title=\"TC-Offroad-Trekking Genehmigung\" href=\"https:\/\/tc-offroad-trekking.de\/4x4\/genehmigung-2\" rel=\"https:\/\/tc-offroad-trekking.de\/4x4\/wp-content\/uploads\/TC-Genehmigungsstatus-Text.jpg\">Info!<\/a>)!<\/li>\n<li>jeden Tag ausgew\u00e4hlte Campingpl\u00e4tze mit Dusche\/WC<\/li>\n<li>2x Camps bei bewirtschafteten Bergh\u00fctten mit WC<\/li>\n<li>alle Genehmigungsgeb\u00fchren und Camping-Entgelte<\/li>\n<li>jedes Fahrzeug erh\u00e4lt von uns leihweise ein sehr gutes Funkger\u00e4t<\/li>\n<li>Sie erhalten detaillierte Reiseunterlagen<\/li>\n<li>Reisesicherungsschein<\/li>\n<li>Reiser\u00fccktrittsversicherung<\/li>\n<li>auf Wunsch individueller Teilnehmer-Aufkleber (<a class=\"screenshot\" title=\"TC-Offroad-Trekking Aufkleber\" href=\"https:\/\/tc-offroad-trekking.de\/4x4\/tc-aufkleber\" rel=\"https:\/\/tc-offroad-trekking.de\/4x4\/wp-content\/uploads\/TC-Aufkleber-Text.jpg\">Info!<\/a>)!<\/li>\n<li>Durchf\u00fchrungsgarantie (<a href=\"\/4x4\/tc-durchfuehrungsgarantie\">Info!<\/a>)<\/li>\n<li>4x Verpflegung (1x \u00fcbernachten wir direkt bei einer bewirtschafteten Alm-H\u00fctte in \u00fcber 2.000 Metern H\u00f6he, hier gibt es vor dem Aufbruch am n\u00e4chsten Morgen ein traditionelles Berg-Fr\u00fchst\u00fcck mit gebratenen Eiern und Speck, 1x kommen wir genau gegen Mittag bei einem Rifugio in ca. 2.200 Metern H\u00f6he vorbei, hier kehrt die Gruppe zu einem landestypischen Mittagessen ein, 1x gibt es einen traditionellen Raclette-Abend mit K\u00e4se-Raclette vom hei\u00dfen Stein, 1x landestypisches Abendessen in einem Restaurant eines italienisches Bergdorfes im Maira-Tal)<\/li>\n<li>Exklusiv nur f\u00fcr Teilnehmer dieser Reise gibt es als Erinnerungsgeschenk hochwertige Landkarten mit eingedrucktem Streckenverlauf und der exakten Lage unserer Camp-Stellen<\/li>\n<\/ul>\n<\/div>\n<p>[\/et_pb_text][\/et_pb_column][et_pb_column type=&#8220;1_3&#8243; _builder_version=&#8220;4.23.4&#8243; _module_preset=&#8220;default&#8220; global_colors_info=&#8220;{}&#8220;][et_pb_gallery gallery_ids=&#8220;1323,1324,1322,1321,1320,1327,488,490,491,492,489,483,482,32&#8243; posts_number=&#8220;12&#8243; show_title_and_caption=&#8220;off&#8220; show_pagination=&#8220;off&#8220; _builder_version=&#8220;4.24.3&#8243; _module_preset=&#8220;default&#8220; width=&#8220;100%&#8220; custom_margin=&#8220;42px||||false|false&#8220; custom_padding=&#8220;||0px|||&#8220; global_colors_info=&#8220;{}&#8220;][\/et_pb_gallery][\/et_pb_column][\/et_pb_row][\/et_pb_section][et_pb_section fb_built=&#8220;1&#8243; _builder_version=&#8220;4.23.4&#8243; _module_preset=&#8220;default&#8220; background_image=&#8220;https:\/\/tc-offroad-trekking.de\/4&#215;4\/wp-content\/uploads\/2024\/03\/Alpen-Reisen-unten.jpg&#8220; parallax=&#8220;on&#8220; custom_padding=&#8220;0px|||||&#8220; global_colors_info=&#8220;{}&#8220;][et_pb_row _builder_version=&#8220;4.23.4&#8243; _module_preset=&#8220;default&#8220; background_enable_image=&#8220;off&#8220; width=&#8220;100%&#8220; max_width=&#8220;100%&#8220; min_height=&#8220;162.4px&#8220; custom_padding=&#8220;0px|||||&#8220; global_colors_info=&#8220;{}&#8220;][et_pb_column type=&#8220;4_4&#8243; _builder_version=&#8220;4.23.4&#8243; _module_preset=&#8220;default&#8220; global_colors_info=&#8220;{}&#8220;][et_pb_image src=&#8220;https:\/\/tc-offroad-trekking.de\/4&#215;4\/wp-content\/uploads\/2024\/03\/spritzer-unterseite_1920x110.png&#8220; title_text=&#8220;spritzer-unterseite_1920x110&#8243; _builder_version=&#8220;4.23.4&#8243; _module_preset=&#8220;default&#8220; min_height=&#8220;140.4px&#8220; global_colors_info=&#8220;{}&#8220;][\/et_pb_image][\/et_pb_column][\/et_pb_row][et_pb_row column_structure=&#8220;1_2,1_2&#8243; _builder_version=&#8220;4.23.4&#8243; _module_preset=&#8220;default&#8220; custom_padding=&#8220;14px|||||&#8220; global_colors_info=&#8220;{}&#8220;][et_pb_column type=&#8220;1_2&#8243; _builder_version=&#8220;4.23.4&#8243; _module_preset=&#8220;default&#8220; global_colors_info=&#8220;{}&#8220;][et_pb_text _builder_version=&#8220;4.24.3&#8243; _module_preset=&#8220;default&#8220; background_color=&#8220;rgba(15,15,15,0.42)&#8220; background_enable_image=&#8220;off&#8220; background_size=&#8220;stretch&#8220; custom_padding=&#8220;10px|10px|10px|10px|true|true&#8220; border_radii=&#8220;on|10px|10px|10px|10px&#8220; global_colors_info=&#8220;{}&#8220;]<\/p>\n<div class=\"starttext\">\n<div class=\"starttext\">\n<h3>Termine 2026<\/h3>\n<p>26. Juli bis 01. August 2026<br \/>02. bis 08. August 2026<br \/>30. Aug. bis 05. Sept. 2026<br \/>06. bis 12. September 2026<\/p>\n<\/div>\n<\/div>\n<div class=\"starttext\">\n<h3>Reisepreis<\/h3>\n<h2>1.695 Euro<\/h2>\n<p><strong>pro Gel\u00e4ndewagen &#8211; Beifahrer unbegrenzt<\/strong><\/p>\n<\/div>\n<p>[\/et_pb_text][\/et_pb_column][et_pb_column type=&#8220;1_2&#8243; _builder_version=&#8220;4.23.4&#8243; _module_preset=&#8220;default&#8220; global_colors_info=&#8220;{}&#8220;][et_pb_text _builder_version=&#8220;4.24.3&#8243; _module_preset=&#8220;default&#8220; background_color=&#8220;rgba(10,10,10,0.39)&#8220; background_enable_image=&#8220;off&#8220; custom_padding=&#8220;10px|9px|10px|9px|true|true&#8220; border_radii=&#8220;on|10px|10px|10px|10px&#8220; global_colors_info=&#8220;{}&#8220;]<\/p>\n<div class=\"starttext\">\n<h2><\/h2>\n<h3>Beratung \/ Anmeldung<\/h3>\n<p>&nbsp;<\/p>\n<h2 style=\"margin-bottom: 10px;\"><a href=\"tel:+494444988125\">+49\u00a0 44 44 &#8211; 98 81 25<\/a><\/h2>\n<h2><a href=\"\/4x4\/anmeldeformular\" style=\"font-weight: normal;\">Anmeldung<\/a><\/h2>\n<p>&nbsp;<\/p>\n<h2><a href=\"\/4x4\/termine\" style=\"font-weight: normal;\">Terminkalender<\/a><\/h2>\n<\/div>\n<p>[\/et_pb_text][\/et_pb_column][\/et_pb_row][\/et_pb_section]<\/p>\n","protected":false},"excerpt":{"rendered":"<p>\u00dcber das Dach Europas! Alpen-Trekking-Tour Reiseverlauf 1. Tag \u2013 Sonntag: Im Vall\u00e9e de la Clar\u00e9e, dem \u201eTal der klaren Wasser\u201c liegt der Treffpunkt f\u00fcr alle Teilnehmer auf einem sehr sch\u00f6n gelegenen Natur-Campingplatz mit weitr\u00e4umigen Stellfl\u00e4chen. Dieses Tal liegt landschaftlich sehr sch\u00f6n zwischen den Ortschaften Briancon (Frankreich) und Bardonecchia (Italien). Die Teilnehmer haben den ganzen Sonntag [&hellip;]<\/p>\n","protected":false},"author":1,"featured_media":0,"parent":0,"menu_order":0,"comment_status":"closed","ping_status":"closed","template":"","meta":{"_et_pb_use_builder":"on","_et_pb_old_content":"","_et_gb_content_width":"","_exactmetrics_skip_tracking":false,"_exactmetrics_sitenote_active":false,"_exactmetrics_sitenote_note":"","_exactmetrics_sitenote_category":0,"footnotes":""},"class_list":["post-1333","page","type-page","status-publish","hentry"],"yoast_head":"<!-- This site is optimized with the Yoast SEO Premium plugin v26.6 (Yoast SEO v27.5) - https:\/\/yoast.com\/product\/yoast-seo-premium-wordpress\/ -->\n<title>Alpen Trekking Tour | TC-Offroad | Offroad Reisen &amp; 4x4 Trainings<\/title>\n<meta name=\"description\" content=\"Alpen Trekking Tour auf den Spuren Hannibals\" \/>\n<meta name=\"robots\" content=\"index, follow, max-snippet:-1, max-image-preview:large, max-video-preview:-1\" \/>\n<link rel=\"canonical\" href=\"https:\/\/tc-offroad-trekking.de\/4x4\/alpen-trekking-tour-details\/\" \/>\n<meta property=\"og:locale\" content=\"de_DE\" \/>\n<meta property=\"og:type\" content=\"article\" \/>\n<meta property=\"og:title\" content=\"Alpen-Trekking-Tour Details\" \/>\n<meta property=\"og:description\" content=\"Alpen Trekking Tour auf den Spuren Hannibals\" \/>\n<meta property=\"og:url\" content=\"https:\/\/tc-offroad-trekking.de\/4x4\/alpen-trekking-tour-details\/\" \/>\n<meta property=\"og:site_name\" content=\"Offroad Reisen | TC-OFFROAD-TREKKING | Touren &amp; Training in Europa\" \/>\n<meta property=\"article:publisher\" content=\"https:\/\/www.facebook.com\/tcoffroadtrekking\/\" \/>\n<meta property=\"article:modified_time\" content=\"2026-03-21T10:13:23+00:00\" \/>\n<meta property=\"og:image\" content=\"https:\/\/tc-offroad-trekking.de\/4x4\/wp-content\/uploads\/2024\/03\/logo-durchfuehrungsgarant-2-2.png\" \/>\n<meta name=\"twitter:card\" content=\"summary_large_image\" \/>\n<meta name=\"twitter:label1\" content=\"Gesch\u00e4tzte Lesezeit\" \/>\n\t<meta name=\"twitter:data1\" content=\"18\u00a0Minuten\" \/>\n<script type=\"application\/ld+json\" class=\"yoast-schema-graph\">{\"@context\":\"https:\\\/\\\/schema.org\",\"@graph\":[{\"@type\":\"WebPage\",\"@id\":\"https:\\\/\\\/tc-offroad-trekking.de\\\/4x4\\\/alpen-trekking-tour-details\\\/\",\"url\":\"https:\\\/\\\/tc-offroad-trekking.de\\\/4x4\\\/alpen-trekking-tour-details\\\/\",\"name\":\"Alpen Trekking Tour | TC-Offroad | Offroad Reisen & 4x4 Trainings\",\"isPartOf\":{\"@id\":\"https:\\\/\\\/tc-offroad-trekking.de\\\/4x4\\\/#website\"},\"primaryImageOfPage\":{\"@id\":\"https:\\\/\\\/tc-offroad-trekking.de\\\/4x4\\\/alpen-trekking-tour-details\\\/#primaryimage\"},\"image\":{\"@id\":\"https:\\\/\\\/tc-offroad-trekking.de\\\/4x4\\\/alpen-trekking-tour-details\\\/#primaryimage\"},\"thumbnailUrl\":\"https:\\\/\\\/tc-offroad-trekking.de\\\/4x4\\\/wp-content\\\/uploads\\\/2024\\\/03\\\/logo-durchfuehrungsgarant-2-2.png\",\"datePublished\":\"2024-03-26T10:06:03+00:00\",\"dateModified\":\"2026-03-21T10:13:23+00:00\",\"description\":\"Alpen Trekking Tour auf den Spuren Hannibals\",\"breadcrumb\":{\"@id\":\"https:\\\/\\\/tc-offroad-trekking.de\\\/4x4\\\/alpen-trekking-tour-details\\\/#breadcrumb\"},\"inLanguage\":\"de\",\"potentialAction\":[{\"@type\":\"ReadAction\",\"target\":[\"https:\\\/\\\/tc-offroad-trekking.de\\\/4x4\\\/alpen-trekking-tour-details\\\/\"]}]},{\"@type\":\"ImageObject\",\"inLanguage\":\"de\",\"@id\":\"https:\\\/\\\/tc-offroad-trekking.de\\\/4x4\\\/alpen-trekking-tour-details\\\/#primaryimage\",\"url\":\"https:\\\/\\\/tc-offroad-trekking.de\\\/4x4\\\/wp-content\\\/uploads\\\/2024\\\/03\\\/logo-durchfuehrungsgarant-2-2.png\",\"contentUrl\":\"https:\\\/\\\/tc-offroad-trekking.de\\\/4x4\\\/wp-content\\\/uploads\\\/2024\\\/03\\\/logo-durchfuehrungsgarant-2-2.png\",\"width\":153,\"height\":141},{\"@type\":\"BreadcrumbList\",\"@id\":\"https:\\\/\\\/tc-offroad-trekking.de\\\/4x4\\\/alpen-trekking-tour-details\\\/#breadcrumb\",\"itemListElement\":[{\"@type\":\"ListItem\",\"position\":1,\"name\":\"Home\",\"item\":\"https:\\\/\\\/tc-offroad-trekking.de\\\/4x4\\\/\"},{\"@type\":\"ListItem\",\"position\":2,\"name\":\"Alpen-Trekking-Tour Details\"}]},{\"@type\":\"WebSite\",\"@id\":\"https:\\\/\\\/tc-offroad-trekking.de\\\/4x4\\\/#website\",\"url\":\"https:\\\/\\\/tc-offroad-trekking.de\\\/4x4\\\/\",\"name\":\"Offroad Reisen, TC-Offroad-Trekking, Offroad Touren & Offroad Training\",\"description\":\"4x4 Reisen und 4x4-Trainings\",\"publisher\":{\"@id\":\"https:\\\/\\\/tc-offroad-trekking.de\\\/4x4\\\/#organization\"},\"alternateName\":\"Offroad Reisen TC-Offroad-Trekking\",\"potentialAction\":[{\"@type\":\"SearchAction\",\"target\":{\"@type\":\"EntryPoint\",\"urlTemplate\":\"https:\\\/\\\/tc-offroad-trekking.de\\\/4x4\\\/?s={search_term_string}\"},\"query-input\":{\"@type\":\"PropertyValueSpecification\",\"valueRequired\":true,\"valueName\":\"search_term_string\"}}],\"inLanguage\":\"de\"},{\"@type\":\"Organization\",\"@id\":\"https:\\\/\\\/tc-offroad-trekking.de\\\/4x4\\\/#organization\",\"name\":\"TC-Offroad-Trekking\",\"alternateName\":\"TC Offroad Reisen\",\"url\":\"https:\\\/\\\/tc-offroad-trekking.de\\\/4x4\\\/\",\"logo\":{\"@type\":\"ImageObject\",\"inLanguage\":\"de\",\"@id\":\"https:\\\/\\\/tc-offroad-trekking.de\\\/4x4\\\/#\\\/schema\\\/logo\\\/image\\\/\",\"url\":\"https:\\\/\\\/tc-offroad-trekking.de\\\/4x4\\\/wp-content\\\/uploads\\\/2024\\\/06\\\/logo-tc-quadratisch.png\",\"contentUrl\":\"https:\\\/\\\/tc-offroad-trekking.de\\\/4x4\\\/wp-content\\\/uploads\\\/2024\\\/06\\\/logo-tc-quadratisch.png\",\"width\":312,\"height\":312,\"caption\":\"TC-Offroad-Trekking\"},\"image\":{\"@id\":\"https:\\\/\\\/tc-offroad-trekking.de\\\/4x4\\\/#\\\/schema\\\/logo\\\/image\\\/\"},\"sameAs\":[\"https:\\\/\\\/www.facebook.com\\\/tcoffroadtrekking\\\/\"],\"description\":\"Auf alten Schmugglerpfaden durch die Pyren\u00e4en, in den Alpen \u00fcber das Dach Europas, in den Karpaten den Wolfspuren durch Transsilvanien folgen, und in der Sahara den hei\u00dfen Atem der gr\u00f6\u00dften W\u00fcste Afrikas sp\u00fcren! Im Winter mit rasselnden Schneeketten durch die tief verschneiten W\u00e4lder Rum\u00e4niens, im Fr\u00fchjahr durch die bl\u00fchende Toskana mit \u00dcbernachtungen auf romantischen Weing\u00fctern, im Sommer auf alten Milit\u00e4rpisten \u00fcber die Westalpen und im Herbst durch die farbenpr\u00e4chtigen Schluchten des Balkans! Das sind die Offroad-Reisen von TC-Offroad-Trekking. In Deutschland vermitteln wir in den sch\u00f6nsten Offroad-Parks bei unseren Offroad-Trainings das Know-how aus \u00fcber 25 Jahren Offroad-Reisen mit uns.\",\"email\":\"info@tc-offroad-trekking.de\",\"telephone\":\"04444 988125\",\"legalName\":\"TC-Offroad-Trekking GmbH\",\"vatID\":\"DE281182191\",\"taxID\":\"68\\\/215\\\/01576\",\"numberOfEmployees\":{\"@type\":\"QuantitativeValue\",\"minValue\":\"1\",\"maxValue\":\"10\"},\"publishingPrinciples\":\"https:\\\/\\\/tc-offroad-trekking.de\\\/4x4\\\/termine\\\/\",\"ownershipFundingInfo\":\"https:\\\/\\\/tc-offroad-trekking.de\\\/4x4\\\/impressum\\\/\",\"ethicsPolicy\":\"https:\\\/\\\/tc-offroad-trekking.de\\\/4x4\\\/datenschutz\\\/\",\"diversityPolicy\":\"https:\\\/\\\/tc-offroad-trekking.de\\\/4x4\\\/agb\\\/\"}]}<\/script>\n<!-- \/ Yoast SEO Premium plugin. -->","yoast_head_json":{"title":"Alpen Trekking Tour | TC-Offroad | Offroad Reisen & 4x4 Trainings","description":"Alpen Trekking Tour auf den Spuren Hannibals","robots":{"index":"index","follow":"follow","max-snippet":"max-snippet:-1","max-image-preview":"max-image-preview:large","max-video-preview":"max-video-preview:-1"},"canonical":"https:\/\/tc-offroad-trekking.de\/4x4\/alpen-trekking-tour-details\/","og_locale":"de_DE","og_type":"article","og_title":"Alpen-Trekking-Tour Details","og_description":"Alpen Trekking Tour auf den Spuren Hannibals","og_url":"https:\/\/tc-offroad-trekking.de\/4x4\/alpen-trekking-tour-details\/","og_site_name":"Offroad Reisen | TC-OFFROAD-TREKKING | Touren &amp; Training in Europa","article_publisher":"https:\/\/www.facebook.com\/tcoffroadtrekking\/","article_modified_time":"2026-03-21T10:13:23+00:00","og_image":[{"url":"https:\/\/tc-offroad-trekking.de\/4x4\/wp-content\/uploads\/2024\/03\/logo-durchfuehrungsgarant-2-2.png","type":"","width":"","height":""}],"twitter_card":"summary_large_image","twitter_misc":{"Gesch\u00e4tzte Lesezeit":"18\u00a0Minuten"},"schema":{"@context":"https:\/\/schema.org","@graph":[{"@type":"WebPage","@id":"https:\/\/tc-offroad-trekking.de\/4x4\/alpen-trekking-tour-details\/","url":"https:\/\/tc-offroad-trekking.de\/4x4\/alpen-trekking-tour-details\/","name":"Alpen Trekking Tour | TC-Offroad | Offroad Reisen & 4x4 Trainings","isPartOf":{"@id":"https:\/\/tc-offroad-trekking.de\/4x4\/#website"},"primaryImageOfPage":{"@id":"https:\/\/tc-offroad-trekking.de\/4x4\/alpen-trekking-tour-details\/#primaryimage"},"image":{"@id":"https:\/\/tc-offroad-trekking.de\/4x4\/alpen-trekking-tour-details\/#primaryimage"},"thumbnailUrl":"https:\/\/tc-offroad-trekking.de\/4x4\/wp-content\/uploads\/2024\/03\/logo-durchfuehrungsgarant-2-2.png","datePublished":"2024-03-26T10:06:03+00:00","dateModified":"2026-03-21T10:13:23+00:00","description":"Alpen Trekking Tour auf den Spuren Hannibals","breadcrumb":{"@id":"https:\/\/tc-offroad-trekking.de\/4x4\/alpen-trekking-tour-details\/#breadcrumb"},"inLanguage":"de","potentialAction":[{"@type":"ReadAction","target":["https:\/\/tc-offroad-trekking.de\/4x4\/alpen-trekking-tour-details\/"]}]},{"@type":"ImageObject","inLanguage":"de","@id":"https:\/\/tc-offroad-trekking.de\/4x4\/alpen-trekking-tour-details\/#primaryimage","url":"https:\/\/tc-offroad-trekking.de\/4x4\/wp-content\/uploads\/2024\/03\/logo-durchfuehrungsgarant-2-2.png","contentUrl":"https:\/\/tc-offroad-trekking.de\/4x4\/wp-content\/uploads\/2024\/03\/logo-durchfuehrungsgarant-2-2.png","width":153,"height":141},{"@type":"BreadcrumbList","@id":"https:\/\/tc-offroad-trekking.de\/4x4\/alpen-trekking-tour-details\/#breadcrumb","itemListElement":[{"@type":"ListItem","position":1,"name":"Home","item":"https:\/\/tc-offroad-trekking.de\/4x4\/"},{"@type":"ListItem","position":2,"name":"Alpen-Trekking-Tour Details"}]},{"@type":"WebSite","@id":"https:\/\/tc-offroad-trekking.de\/4x4\/#website","url":"https:\/\/tc-offroad-trekking.de\/4x4\/","name":"Offroad Reisen, TC-Offroad-Trekking, Offroad Touren & Offroad Training","description":"4x4 Reisen und 4x4-Trainings","publisher":{"@id":"https:\/\/tc-offroad-trekking.de\/4x4\/#organization"},"alternateName":"Offroad Reisen TC-Offroad-Trekking","potentialAction":[{"@type":"SearchAction","target":{"@type":"EntryPoint","urlTemplate":"https:\/\/tc-offroad-trekking.de\/4x4\/?s={search_term_string}"},"query-input":{"@type":"PropertyValueSpecification","valueRequired":true,"valueName":"search_term_string"}}],"inLanguage":"de"},{"@type":"Organization","@id":"https:\/\/tc-offroad-trekking.de\/4x4\/#organization","name":"TC-Offroad-Trekking","alternateName":"TC Offroad Reisen","url":"https:\/\/tc-offroad-trekking.de\/4x4\/","logo":{"@type":"ImageObject","inLanguage":"de","@id":"https:\/\/tc-offroad-trekking.de\/4x4\/#\/schema\/logo\/image\/","url":"https:\/\/tc-offroad-trekking.de\/4x4\/wp-content\/uploads\/2024\/06\/logo-tc-quadratisch.png","contentUrl":"https:\/\/tc-offroad-trekking.de\/4x4\/wp-content\/uploads\/2024\/06\/logo-tc-quadratisch.png","width":312,"height":312,"caption":"TC-Offroad-Trekking"},"image":{"@id":"https:\/\/tc-offroad-trekking.de\/4x4\/#\/schema\/logo\/image\/"},"sameAs":["https:\/\/www.facebook.com\/tcoffroadtrekking\/"],"description":"Auf alten Schmugglerpfaden durch die Pyren\u00e4en, in den Alpen \u00fcber das Dach Europas, in den Karpaten den Wolfspuren durch Transsilvanien folgen, und in der Sahara den hei\u00dfen Atem der gr\u00f6\u00dften W\u00fcste Afrikas sp\u00fcren! Im Winter mit rasselnden Schneeketten durch die tief verschneiten W\u00e4lder Rum\u00e4niens, im Fr\u00fchjahr durch die bl\u00fchende Toskana mit \u00dcbernachtungen auf romantischen Weing\u00fctern, im Sommer auf alten Milit\u00e4rpisten \u00fcber die Westalpen und im Herbst durch die farbenpr\u00e4chtigen Schluchten des Balkans! Das sind die Offroad-Reisen von TC-Offroad-Trekking. In Deutschland vermitteln wir in den sch\u00f6nsten Offroad-Parks bei unseren Offroad-Trainings das Know-how aus \u00fcber 25 Jahren Offroad-Reisen mit uns.","email":"info@tc-offroad-trekking.de","telephone":"04444 988125","legalName":"TC-Offroad-Trekking GmbH","vatID":"DE281182191","taxID":"68\/215\/01576","numberOfEmployees":{"@type":"QuantitativeValue","minValue":"1","maxValue":"10"},"publishingPrinciples":"https:\/\/tc-offroad-trekking.de\/4x4\/termine\/","ownershipFundingInfo":"https:\/\/tc-offroad-trekking.de\/4x4\/impressum\/","ethicsPolicy":"https:\/\/tc-offroad-trekking.de\/4x4\/datenschutz\/","diversityPolicy":"https:\/\/tc-offroad-trekking.de\/4x4\/agb\/"}]}},"_links":{"self":[{"href":"https:\/\/tc-offroad-trekking.de\/4x4\/wp-json\/wp\/v2\/pages\/1333","targetHints":{"allow":["GET"]}}],"collection":[{"href":"https:\/\/tc-offroad-trekking.de\/4x4\/wp-json\/wp\/v2\/pages"}],"about":[{"href":"https:\/\/tc-offroad-trekking.de\/4x4\/wp-json\/wp\/v2\/types\/page"}],"author":[{"embeddable":true,"href":"https:\/\/tc-offroad-trekking.de\/4x4\/wp-json\/wp\/v2\/users\/1"}],"replies":[{"embeddable":true,"href":"https:\/\/tc-offroad-trekking.de\/4x4\/wp-json\/wp\/v2\/comments?post=1333"}],"version-history":[{"count":57,"href":"https:\/\/tc-offroad-trekking.de\/4x4\/wp-json\/wp\/v2\/pages\/1333\/revisions"}],"predecessor-version":[{"id":5560,"href":"https:\/\/tc-offroad-trekking.de\/4x4\/wp-json\/wp\/v2\/pages\/1333\/revisions\/5560"}],"wp:attachment":[{"href":"https:\/\/tc-offroad-trekking.de\/4x4\/wp-json\/wp\/v2\/media?parent=1333"}],"curies":[{"name":"wp","href":"https:\/\/api.w.org\/{rel}","templated":true}]}}